{"id":13000,"date":"2025-08-02T10:53:01","date_gmt":"2025-08-02T08:53:01","guid":{"rendered":"https:\/\/chateaufer.fr\/ferme\/?post_type=product&#038;p=13000"},"modified":"2025-09-20T12:22:25","modified_gmt":"2025-09-20T10:22:25","slug":"le-grand-couvert-l-atelier-imaginaire-20-sept-2025","status":"publish","type":"product","link":"https:\/\/chateaufer.fr\/ferme\/produit\/le-grand-couvert-l-atelier-imaginaire-20-sept-2025\/","title":{"rendered":"Le Grand Couvert  L&rsquo;atelier Imaginaire | 20 09 2025"},"content":{"rendered":"<h5>Samedi 20 septembre 2025 &#8211; ACTE II &#8211; L&rsquo;atelier Imaginaire<\/h5>\n<p>Pendant un apr\u00e8s midi entier, vous pourrez naviguer d&rsquo;un atelier \u00e0 l&rsquo;autre ou choisir parmi les conf\u00e9rences pour c\u00e9l\u00e9brer en famille, l&rsquo;art du divertissement en r\u00e9gion Centre Val de Loire :<\/p>\n<p>\ud83c\udf3a Un temps d\u2019atelier d\u00e9couverte pour plonger au temps de Moli\u00e8re avec trois sessions de 45mn \u00e0 choisir parmi :<\/p>\n<ul>\n<li>Initiation \u00e0 la Danse de Cour, pour \u00eatre pr\u00eat en cas d\u2019invitation royale ! avec le ma\u00eetre de danse de la troupe Itin\u00e9rance d\u2019un roi (Attention, malheureusemnt, cet atelier est non accessible aux PMR)<\/li>\n<li>Le\u00e7on d\u2019improvisation avec des personnes de tr\u00e8s haute qualit\u00e9, pour ne jamais avoir l\u2019air surpris en soci\u00e9t\u00e9\u2026 avec le roi et la reine de la troupe Itin\u00e9rance d\u2019un roi<\/li>\n<li>Atelier magie sous la baguette d&rsquo;Anthonin Mathiot pour d\u00e9couvrir de pr\u00e9cieux secrets de tour de magie<\/li>\n<li>Pondre un \u0153uf baroque g\u00e9ant pour l\u2019\u0153uf \u00e0 la coque de Tartuffe avec Fany Gaillard et R\u00e9mi Lain\u00e9, duo c\u00e9ramiste et plasticien<\/li>\n<li>Immortaliser la substantifique moelle de la journ\u00e9e sur les ondes num\u00e9riques avec les cl\u00e9s du podcast, en mode chroniqueur d\u2019un jour avec Thamara Bryson, journaliste<\/li>\n<\/ul>\n<p>\ud83c\udf3a Un temps de conf\u00e9rences anim\u00e9es par Alain Riffaud auteur sp\u00e9cialiste du th\u00e9\u00e2tre classique si\u00e8cle et Luc Martin du Chasa<\/p>\n<div class=\"page\" title=\"Page 1\">\n<div class=\"section\">\n<div class=\"layoutArea\">\n<div class=\"column\">\n<ul>\n<li>Moli\u00e8re et ses libraires ou L\u2019e\u0301tonnante aventure du ruse\u0301 Jean Ribou, bouquiniste des quais de Seine<\/li>\n<li>Sortez vos loupes d\u2019enqu\u00eateur pour tout savoir des livres du 17\u00e8me si\u00e8cle, de leurs m\u00e9thodes de fabrication au temps de Moli\u00e8re \u00e0 l&rsquo;expertise des contrefa\u00e7ons<\/li>\n<\/ul>\n<p>\ud83c\udf3a Et un temps gourmand pour se restaurer sur place et combler ses moindres d\u00e9sirs sucr\u00e9s, sal\u00e9s ou liquide !<\/p>\n<\/div>\n<\/div>\n<\/div>\n<\/div>\n<ul>\n<li>Horaires : 15h30 &#8211; 19h Parking gratuit Accessible PMR \u00a0&#8211; Pour combler vos petits creux sur place : vente \u00e0 emporter assur\u00e9e par le food truck de Francois Xavier Guillaumin et Anne-Sophie Dougy, le glacier Patrick Cypr\u00e8s &#8211; Iceberg et la buvette de Valentin du QG<\/li>\n<\/ul>\n<blockquote><p>M\u00e9mo Acte II L&rsquo;atelier Imaginaire &#8211; 15h30 &#8211; 19h<\/p>\n<p>Billetterie Adulte 25 \u20ac<\/p>\n<p>Billetterie Enfant de + de 12 ans et &#8211; de 16 ans 15\u20ac<\/p>\n<p>Billetterie Gratuit pour les moins de 12 ans<\/p><\/blockquote>\n","protected":false},"excerpt":{"rendered":"<h5>LA COM\u00c9DIE COMESTIBLE &#8211; ACTE II \u2013 L\u2019Atelier IMAGINAIRE \u2013 15h30 \u2013 19h<\/h5>\n<p>UN APR\u00c8S MIDI HAUT EN ANIMATIONS, ATELIERS, CONFERENCE POUR S\u2019AMUSER EN FAMILLE DANS UN CADRE HARMONIEUX, AU C\u0152UR D\u2019UNE NATURE ET D\u2019UN PATRIMOINE EN PLEINE RENAISSANCE.<\/p>\n<p>&nbsp;<\/p>\n","protected":false},"featured_media":13024,"template":"","meta":{"_crdt_document":""},"product_brand":[],"product_cat":[179,69],"product_tag":[],"class_list":{"0":"post-13000","1":"product","2":"type-product","3":"status-publish","4":"has-post-thumbnail","6":"product_cat-atelier","7":"product_cat-non-classe","9":"first","10":"instock","11":"taxable","12":"shipping-taxable","13":"purchasable","14":"product-type-variable"},"jetpack_sharing_enabled":true,"_links":{"self":[{"href":"https:\/\/chateaufer.fr\/ferme\/wp-json\/wp\/v2\/product\/13000","targetHints":{"allow":["GET"]}}],"collection":[{"href":"https:\/\/chateaufer.fr\/ferme\/wp-json\/wp\/v2\/product"}],"about":[{"href":"https:\/\/chateaufer.fr\/ferme\/wp-json\/wp\/v2\/types\/product"}],"wp:featuredmedia":[{"embeddable":true,"href":"https:\/\/chateaufer.fr\/ferme\/wp-json\/wp\/v2\/media\/13024"}],"wp:attachment":[{"href":"https:\/\/chateaufer.fr\/ferme\/wp-json\/wp\/v2\/media?parent=13000"}],"wp:term":[{"taxonomy":"product_brand","embeddable":true,"href":"https:\/\/chateaufer.fr\/ferme\/wp-json\/wp\/v2\/product_brand?post=13000"},{"taxonomy":"product_cat","embeddable":true,"href":"https:\/\/chateaufer.fr\/ferme\/wp-json\/wp\/v2\/product_cat?post=13000"},{"taxonomy":"product_tag","embeddable":true,"href":"https:\/\/chateaufer.fr\/ferme\/wp-json\/wp\/v2\/product_tag?post=13000"}],"curies":[{"name":"wp","href":"https:\/\/api.w.org\/{rel}","templated":true}]}}