{"id":2742,"date":"2021-05-14T10:50:17","date_gmt":"2021-05-14T08:50:17","guid":{"rendered":"https:\/\/chateaufer.fr\/ferme\/?page_id=2742"},"modified":"2024-12-19T11:50:59","modified_gmt":"2024-12-19T10:50:59","slug":"les-deshydrates","status":"publish","type":"page","link":"https:\/\/chateaufer.fr\/ferme\/les-deshydrates\/","title":{"rendered":"LES D\u00c9SHYDRAT\u00c9S"},"content":{"rendered":"\n<div class=\"wp-block-jetpack-tiled-gallery aligncenter is-style-circle\"><div class=\"tiled-gallery__gallery\"><div class=\"tiled-gallery__row columns-3\"><div class=\"tiled-gallery__col\"><figure class=\"tiled-gallery__item\"><img decoding=\"async\" srcset=\"https:\/\/i2.wp.com\/chateaufer.fr\/ferme\/wp-content\/uploads\/2021\/05\/Froufrou-de-panais-scaled.jpg?resize=600%2C600&#038;strip=info&#038;ssl=1 600w,https:\/\/i2.wp.com\/chateaufer.fr\/ferme\/wp-content\/uploads\/2021\/05\/Froufrou-de-panais-scaled.jpg?resize=900%2C900&#038;strip=info&#038;ssl=1 900w,https:\/\/i2.wp.com\/chateaufer.fr\/ferme\/wp-content\/uploads\/2021\/05\/Froufrou-de-panais-scaled.jpg?resize=1200%2C1200&#038;strip=info&#038;ssl=1 1200w,https:\/\/i2.wp.com\/chateaufer.fr\/ferme\/wp-content\/uploads\/2021\/05\/Froufrou-de-panais-scaled.jpg?resize=1500%2C1500&#038;strip=info&#038;ssl=1 1500w,https:\/\/i2.wp.com\/chateaufer.fr\/ferme\/wp-content\/uploads\/2021\/05\/Froufrou-de-panais-scaled.jpg?resize=1800%2C1800&#038;strip=info&#038;ssl=1 1800w,https:\/\/i2.wp.com\/chateaufer.fr\/ferme\/wp-content\/uploads\/2021\/05\/Froufrou-de-panais-scaled.jpg?resize=2000%2C2000&#038;strip=info&#038;ssl=1 2000w\" alt=\"\" data-height=\"2560\" data-id=\"2743\" data-link=\"https:\/\/chateaufer.fr\/ferme\/?attachment_id=2743\" data-url=\"https:\/\/chateaufer.fr\/ferme\/wp-content\/uploads\/2021\/05\/Froufrou-de-panais-scaled.jpg\" data-width=\"2158\" src=\"https:\/\/i2.wp.com\/chateaufer.fr\/ferme\/wp-content\/uploads\/2021\/05\/Froufrou-de-panais-scaled.jpg?ssl=1&amp;resize=2000%2C2000\" data-amp-layout=\"responsive\" \/><\/figure><\/div><div class=\"tiled-gallery__col\"><figure class=\"tiled-gallery__item\"><img decoding=\"async\" srcset=\"https:\/\/i1.wp.com\/chateaufer.fr\/ferme\/wp-content\/uploads\/2021\/05\/IMG_5545-scaled.jpg?resize=600%2C600&#038;strip=info&#038;ssl=1 600w,https:\/\/i1.wp.com\/chateaufer.fr\/ferme\/wp-content\/uploads\/2021\/05\/IMG_5545-scaled.jpg?resize=900%2C900&#038;strip=info&#038;ssl=1 900w,https:\/\/i1.wp.com\/chateaufer.fr\/ferme\/wp-content\/uploads\/2021\/05\/IMG_5545-scaled.jpg?resize=1200%2C1200&#038;strip=info&#038;ssl=1 1200w,https:\/\/i1.wp.com\/chateaufer.fr\/ferme\/wp-content\/uploads\/2021\/05\/IMG_5545-scaled.jpg?resize=1500%2C1500&#038;strip=info&#038;ssl=1 1500w,https:\/\/i1.wp.com\/chateaufer.fr\/ferme\/wp-content\/uploads\/2021\/05\/IMG_5545-scaled.jpg?resize=1800%2C1800&#038;strip=info&#038;ssl=1 1800w,https:\/\/i1.wp.com\/chateaufer.fr\/ferme\/wp-content\/uploads\/2021\/05\/IMG_5545-scaled.jpg?resize=2000%2C2000&#038;strip=info&#038;ssl=1 2000w\" alt=\"\" data-height=\"2413\" data-id=\"2744\" data-link=\"https:\/\/chateaufer.fr\/ferme\/?attachment_id=2744\" data-url=\"https:\/\/chateaufer.fr\/ferme\/wp-content\/uploads\/2021\/05\/IMG_5545-scaled.jpg\" data-width=\"2560\" src=\"https:\/\/i1.wp.com\/chateaufer.fr\/ferme\/wp-content\/uploads\/2021\/05\/IMG_5545-scaled.jpg?ssl=1&amp;resize=2000%2C2000\" data-amp-layout=\"responsive\" \/><\/figure><\/div><div class=\"tiled-gallery__col\"><figure class=\"tiled-gallery__item\"><img decoding=\"async\" srcset=\"https:\/\/i0.wp.com\/chateaufer.fr\/ferme\/wp-content\/uploads\/2021\/05\/IMG_0028-scaled.jpg?resize=600%2C600&#038;strip=info&#038;ssl=1 600w,https:\/\/i0.wp.com\/chateaufer.fr\/ferme\/wp-content\/uploads\/2021\/05\/IMG_0028-scaled.jpg?resize=900%2C900&#038;strip=info&#038;ssl=1 900w,https:\/\/i0.wp.com\/chateaufer.fr\/ferme\/wp-content\/uploads\/2021\/05\/IMG_0028-scaled.jpg?resize=1200%2C1200&#038;strip=info&#038;ssl=1 1200w,https:\/\/i0.wp.com\/chateaufer.fr\/ferme\/wp-content\/uploads\/2021\/05\/IMG_0028-scaled.jpg?resize=1500%2C1500&#038;strip=info&#038;ssl=1 1500w,https:\/\/i0.wp.com\/chateaufer.fr\/ferme\/wp-content\/uploads\/2021\/05\/IMG_0028-scaled.jpg?resize=1800%2C1800&#038;strip=info&#038;ssl=1 1800w,https:\/\/i0.wp.com\/chateaufer.fr\/ferme\/wp-content\/uploads\/2021\/05\/IMG_0028-scaled.jpg?resize=2000%2C2000&#038;strip=info&#038;ssl=1 2000w\" alt=\"\" data-height=\"2150\" data-id=\"2745\" data-link=\"https:\/\/chateaufer.fr\/ferme\/?attachment_id=2745\" data-url=\"https:\/\/chateaufer.fr\/ferme\/wp-content\/uploads\/2021\/05\/IMG_0028-scaled.jpg\" data-width=\"2560\" src=\"https:\/\/i0.wp.com\/chateaufer.fr\/ferme\/wp-content\/uploads\/2021\/05\/IMG_0028-scaled.jpg?ssl=1&amp;resize=2000%2C2000\" data-amp-layout=\"responsive\" \/><\/figure><\/div><\/div><\/div><\/div>\n\n\n\n<h2 class=\"wp-block-heading\"><strong>Qu\u2019est-ce que la d\u00e9shydratation ?<\/strong><\/h2>\n\n\n\n<p class=\"wp-block-paragraph\">La d\u00e9shydratation fait partie \u00e9galement des plus vieux proc\u00e9d\u00e9s de conservation des aliments.&nbsp;<\/p>\n\n\n\n<p class=\"wp-block-paragraph\">Nous avons fait le choix de la d\u00e9shydratation basse temp\u00e9rature pour pr\u00e9server les go\u00fbts et les couleurs, \u00e0 moins de 40\u00b0 Celsius. L\u2019utilisation d\u2019un d\u00e9shydrateur permet de stabiliser le d\u00e9licat proc\u00e9d\u00e9 et de le rendre plus s\u00fbr. Il permet aussi de conserver toutes les qualit\u00e9s nutritives et gustatives comme si les aliments \u00e9taient s\u00e9ch\u00e9s naturellement au soleil, le tout sans ionisation !\u00a0<\/p>\n\n\n\n<p class=\"wp-block-paragraph\">Fruits, l\u00e9gumes, fanes, plantes ou aromates, ils se pr\u00eatent tous au jeu afin d\u2019offrir de nouvelles exp\u00e9riences culinaires.&nbsp;<\/p>\n\n\n\n<h2 class=\"wp-block-heading\"><strong>La d\u00e9shydratation \u00e0 Ch\u00e2teau Fer<\/strong><\/h2>\n\n\n\n<p class=\"wp-block-paragraph\">Gr\u00e2ce \u00e0 notre magique d\u00e9shydrateur, nous transformons les fruits, l\u00e9gumes et aromates qui n\u2019ont pas trouv\u00e9 leur place dans un panier abonn\u00e9 ou sur l\u2019\u00e9tale du march\u00e9 fermier.<\/p>\n\n\n\n<p class=\"wp-block-paragraph\">Nous avons ainsi d\u00e9velopp\u00e9 3 gammes de produits d\u00e9shydrat\u00e9s : les fanes, les froufrous et la rel\u00e8ve du plat&nbsp;<\/p>\n\n\n\n<p class=\"wp-block-paragraph\">Les \u00ab\u00a0je suis fanes\u00a0\u00bb : fines paillettes de fanes (carottes, radis\u2026) ou d\u2019aromates (basilic, estragon\u2026).<\/p>\n\n\n\n<p class=\"wp-block-paragraph\">Les \u00ab\u00a0froufrous\u00a0\u00bb : d\u00e9licates tranches de fruits ou de l\u00e9gumes qui une fois d\u00e9shydrat\u00e9s conserveront leur forme atypique \u00e0 \u00ab&nbsp;froufrou&nbsp;\u00bb. Parfois croquantes, parfois tendres, la texture d\u00e9pendra du fruit ou l\u00e9gume utilis\u00e9.<\/p>\n\n\n\n<p class=\"wp-block-paragraph\">La \u00ab\u00a0rel\u00e8ve du plat\u00a0\u00bb : notre coffret d\u2019\u00e9pices incontournables pour cuisiner avec une alternative locale aux \u00e9pices du quotidien comme le sel, le poivre, l\u2019ail ou le piment.&nbsp;<\/p>\n\n\n\n<p class=\"wp-block-paragraph\">Quelle que soit la gamme, les v\u00e9g\u00e9taux devront passer en moyenne 30 heures \u00e0 42 degr\u00e9s dans le d\u00e9shydrateur avant de pouvoir \u00eatre conditionn\u00e9s.\u00a0<\/p>\n\n\n\n<h2 class=\"wp-block-heading\"><strong>Conseils de d\u00e9gustation<\/strong><\/h2>\n\n\n\n<p class=\"wp-block-paragraph\">Les \u00ab\u00a0Je suis fanes\u00a0\u00bb seront parfaites pour assaisonner vos viandes, poissons, pur\u00e9es ou bouillons. <\/p>\n\n\n\n<p class=\"wp-block-paragraph\">Astuce sp\u00e9ciale \u00ab\u00a0Les parents\u00a0\u00bb, proposez \u00e0 votre ch\u00e9rubin de verser une cuill\u00e8re de \u00ab\u00a0Je suis fanes\u00a0\u00bb sur sa pur\u00e9e ou ses coquillettes, cette poudre de perlimpinpin a des superpouvoirs magiques ! Petit \u00e0 petit, le palais de votre enfant se familiarisera aux l\u00e9gumes.<\/p>\n\n\n\n<p class=\"wp-block-paragraph\">Les \u00ab\u00a0froufrous\u00a0\u00bb peuvent se consommer directement sorti du sachet pour les plus gourmands.&nbsp; Vous pouvez \u00e9galement les toaster au four ou les  r\u00e9hydrater dans vos pr\u00e9parations culinaires au gr\u00e9 de votre inspiration ou de votre humeur voyageuse.<\/p>\n\n\n\n<p class=\"wp-block-paragraph\">Les coffrets \u00ab\u00a0La rel\u00e8ve du plat\u00a0\u00bb : conditionn\u00e9s dans des petits flacons de verre r\u00e9utilisable, en quantit\u00e9 suffisante pour ne pas gaspiller, nos \u00e9pices assurent ! Pour saler, poivrer, aromatiser ou \u00e9picer, plus besoin de faire venir de tr\u00e8s loin des denr\u00e9es exotiques&#8230;<\/p>\n\n\n\n<h2 class=\"wp-block-heading\"><strong>Conseil de conservation<\/strong><\/h2>\n\n\n\n<p class=\"wp-block-paragraph\">Conservation de 2 ans apr\u00e8s la date de fabrication si le sachet\/ pot est correctement ferm\u00e9.&nbsp;Craint l&rsquo;humidit\u00e9.<\/p>\n","protected":false},"excerpt":{"rendered":"<p>Qu\u2019est-ce que la d\u00e9shydratation ? La d\u00e9shydratation fait partie \u00e9galement des plus vieux proc\u00e9d\u00e9s de conservation des aliments.&nbsp; Nous avons fait le choix de la d\u00e9shydratation basse temp\u00e9rature pour pr\u00e9server &#8230;<\/p>\n","protected":false},"author":5,"featured_media":0,"parent":0,"menu_order":0,"comment_status":"closed","ping_status":"closed","template":"","meta":{"_crdt_document":"","footnotes":""},"folder":[],"class_list":["post-2742","page","type-page","status-publish","hentry"],"jetpack_sharing_enabled":true,"_links":{"self":[{"href":"https:\/\/chateaufer.fr\/ferme\/wp-json\/wp\/v2\/pages\/2742","targetHints":{"allow":["GET"]}}],"collection":[{"href":"https:\/\/chateaufer.fr\/ferme\/wp-json\/wp\/v2\/pages"}],"about":[{"href":"https:\/\/chateaufer.fr\/ferme\/wp-json\/wp\/v2\/types\/page"}],"author":[{"embeddable":true,"href":"https:\/\/chateaufer.fr\/ferme\/wp-json\/wp\/v2\/users\/5"}],"replies":[{"embeddable":true,"href":"https:\/\/chateaufer.fr\/ferme\/wp-json\/wp\/v2\/comments?post=2742"}],"version-history":[{"count":8,"href":"https:\/\/chateaufer.fr\/ferme\/wp-json\/wp\/v2\/pages\/2742\/revisions"}],"predecessor-version":[{"id":12878,"href":"https:\/\/chateaufer.fr\/ferme\/wp-json\/wp\/v2\/pages\/2742\/revisions\/12878"}],"wp:attachment":[{"href":"https:\/\/chateaufer.fr\/ferme\/wp-json\/wp\/v2\/media?parent=2742"}],"wp:term":[{"taxonomy":"folder","embeddable":true,"href":"https:\/\/chateaufer.fr\/ferme\/wp-json\/wp\/v2\/folder?post=2742"}],"curies":[{"name":"wp","href":"https:\/\/api.w.org\/{rel}","templated":true}]}}